{"id":110143,"date":"2023-05-10T11:54:52","date_gmt":"2023-05-10T11:54:52","guid":{"rendered":"https:\/\/www.oceanografic.org\/instal%c2%b7lacio-tropical\/"},"modified":"2023-05-10T11:54:52","modified_gmt":"2023-05-10T11:54:52","slug":"instal%c2%b7lacio-tropical","status":"publish","type":"page","link":"https:\/\/www.oceanografic.org\/va\/instal%c2%b7lacio-tropical\/","title":{"rendered":"Instal\u00b7laci\u00f3 Tropical"},"content":{"rendered":"<h2>Els mars tropicals s&#8217;estenen des del Tr\u00f2pic de C\u00e0ncer fins al de Capricorn, rodejant aix\u00ed la zona m\u00e9s equatorial del planeta.<\/h2>\n<p>&nbsp;<\/p>\n<p class=\"\" data-start=\"25\" data-end=\"404\">Els mars tropicals, amb aig\u00fces c\u00e0lides d&#8217;uns 25\u202f\u00b0C, destaquen per la seva claredat i alta radiaci\u00f3 solar, cosa que afavoreix la major biodiversitat marina del planeta. A la sala oval de l&#8217;Oceanogr\u00e0fic, dos grans aquaris enfrontats mostren esculls tropicals: un caribeny i un altre indopac\u00edfic. Al fons, es troba un espectacular aquari que recrea un escull de coral viu.  <\/p>\n<p class=\"\" data-start=\"431\" data-end=\"792\"><em>Tropical seas, with warm surface waters around 25\u202f\u00b0C, are known for their clarity and high solar radiation, enabling the planet\u2019s greatest marine biodiversity. In the Oceanogr\u00e0fic\u2019s oval hall, two large facing aquariums display tropical reefs\u2014one Caribbean and the other Indo-Pacific. At the back, there&#8217;s a stunning aquarium that recreates a living coral reef.  <\/em><\/p>\n","protected":false},"excerpt":{"rendered":"<p>Els mars tropicals s&#8217;estenen des del Tr\u00f2pic de C\u00e0ncer fins al de Capricorn, rodejant aix\u00ed la zona m\u00e9s equatorial del planeta. &nbsp; Els mars tropicals, amb aig\u00fces c\u00e0lides d&#8217;uns 25\u202f\u00b0C, destaquen per la seva claredat i alta radiaci\u00f3 solar, cosa que afavoreix la major biodiversitat marina del planeta. A la sala oval de l&#8217;Oceanogr\u00e0fic, dos&hellip; <a class=\"arrow\" href=\"https:\/\/www.oceanografic.org\/va\/instal%c2%b7lacio-tropical\/\">Continua<\/a><\/p>\n","protected":false},"author":15,"featured_media":75684,"parent":0,"menu_order":0,"comment_status":"closed","ping_status":"closed","template":"template-blocks-collapsable.php","meta":{"_acf_changed":false,"footnotes":""},"class_list":["post-110143","page","type-page","status-publish","has-post-thumbnail","hentry"],"acf":[],"yoast_head":"<!-- This site is optimized with the Yoast SEO plugin v27.5 - https:\/\/yoast.com\/product\/yoast-seo-wordpress\/ -->\n<title>Instal\u00b7laci\u00f3 Tropical - Oceanogr\u00e0fic de Val\u00e8ncia<\/title>\n<meta name=\"robots\" content=\"index, follow, max-snippet:-1, max-image-preview:large, max-video-preview:-1\" \/>\n<link rel=\"canonical\" href=\"https:\/\/www.oceanografic.org\/va\/instal%c2%b7lacio-tropical\/\" \/>\n<meta property=\"og:locale\" content=\"en_US\" \/>\n<meta property=\"og:type\" content=\"article\" \/>\n<meta property=\"og:title\" content=\"Instal\u00b7laci\u00f3 Tropical - Oceanogr\u00e0fic de Val\u00e8ncia\" \/>\n<meta property=\"og:description\" content=\"Els mars tropicals s&#8217;estenen des del Tr\u00f2pic de C\u00e0ncer fins al de Capricorn, rodejant aix\u00ed la zona m\u00e9s equatorial del planeta. &nbsp; Els mars tropicals, amb aig\u00fces c\u00e0lides d&#8217;uns 25\u202f\u00b0C, destaquen per la seva claredat i alta radiaci\u00f3 solar, cosa que afavoreix la major biodiversitat marina del planeta. A la sala oval de l&#8217;Oceanogr\u00e0fic, dos&hellip; Continua\" \/>\n<meta property=\"og:url\" content=\"https:\/\/www.oceanografic.org\/va\/instal%c2%b7lacio-tropical\/\" \/>\n<meta property=\"og:site_name\" content=\"Oceanogr\u00e0fic de Val\u00e8ncia\" \/>\n<meta property=\"article:publisher\" content=\"https:\/\/www.facebook.com\/oceanograficvl\" \/>\n<meta property=\"og:image\" content=\"https:\/\/www.oceanografic.org\/wp-content\/uploads\/2023\/05\/caballito-de-mar.jpg\" \/>\n\t<meta property=\"og:image:width\" content=\"1206\" \/>\n\t<meta property=\"og:image:height\" content=\"726\" \/>\n\t<meta property=\"og:image:type\" content=\"image\/jpeg\" \/>\n<meta name=\"twitter:card\" content=\"summary_large_image\" \/>\n<meta name=\"twitter:site\" content=\"@Oceanografic_vl\" \/>\n<meta name=\"twitter:label1\" content=\"Est. reading time\" \/>\n\t<meta name=\"twitter:data1\" content=\"1 minute\" \/>\n<script type=\"application\/ld+json\" class=\"yoast-schema-graph\">{\"@context\":\"https:\\\/\\\/schema.org\",\"@graph\":[{\"@type\":\"WebPage\",\"@id\":\"https:\\\/\\\/www.oceanografic.org\\\/va\\\/instal%c2%b7lacio-tropical\\\/\",\"url\":\"https:\\\/\\\/www.oceanografic.org\\\/va\\\/instal%c2%b7lacio-tropical\\\/\",\"name\":\"Instal\u00b7laci\u00f3 Tropical - Oceanogr\u00e0fic de Val\u00e8ncia\",\"isPartOf\":{\"@id\":\"https:\\\/\\\/www.oceanografic.org\\\/va\\\/#website\"},\"primaryImageOfPage\":{\"@id\":\"https:\\\/\\\/www.oceanografic.org\\\/va\\\/instal%c2%b7lacio-tropical\\\/#primaryimage\"},\"image\":{\"@id\":\"https:\\\/\\\/www.oceanografic.org\\\/va\\\/instal%c2%b7lacio-tropical\\\/#primaryimage\"},\"thumbnailUrl\":\"https:\\\/\\\/www.oceanografic.org\\\/wp-content\\\/uploads\\\/2023\\\/05\\\/caballito-de-mar.jpg\",\"datePublished\":\"2023-05-10T11:54:52+00:00\",\"breadcrumb\":{\"@id\":\"https:\\\/\\\/www.oceanografic.org\\\/va\\\/instal%c2%b7lacio-tropical\\\/#breadcrumb\"},\"inLanguage\":\"va\",\"potentialAction\":[{\"@type\":\"ReadAction\",\"target\":[\"https:\\\/\\\/www.oceanografic.org\\\/va\\\/instal%c2%b7lacio-tropical\\\/\"]}]},{\"@type\":\"ImageObject\",\"inLanguage\":\"va\",\"@id\":\"https:\\\/\\\/www.oceanografic.org\\\/va\\\/instal%c2%b7lacio-tropical\\\/#primaryimage\",\"url\":\"https:\\\/\\\/www.oceanografic.org\\\/wp-content\\\/uploads\\\/2023\\\/05\\\/caballito-de-mar.jpg\",\"contentUrl\":\"https:\\\/\\\/www.oceanografic.org\\\/wp-content\\\/uploads\\\/2023\\\/05\\\/caballito-de-mar.jpg\",\"width\":1206,\"height\":726},{\"@type\":\"BreadcrumbList\",\"@id\":\"https:\\\/\\\/www.oceanografic.org\\\/va\\\/instal%c2%b7lacio-tropical\\\/#breadcrumb\",\"itemListElement\":[{\"@type\":\"ListItem\",\"position\":1,\"name\":\"Portada\",\"item\":\"https:\\\/\\\/www.oceanografic.org\\\/va\\\/\"},{\"@type\":\"ListItem\",\"position\":2,\"name\":\"Instal\u00b7laci\u00f3 Tropical\"}]},{\"@type\":\"WebSite\",\"@id\":\"https:\\\/\\\/www.oceanografic.org\\\/va\\\/#website\",\"url\":\"https:\\\/\\\/www.oceanografic.org\\\/va\\\/\",\"name\":\"Oceanogr\u00e0fic de Val\u00e8ncia\",\"description\":\"\",\"publisher\":{\"@id\":\"https:\\\/\\\/www.oceanografic.org\\\/va\\\/#organization\"},\"potentialAction\":[{\"@type\":\"SearchAction\",\"target\":{\"@type\":\"EntryPoint\",\"urlTemplate\":\"https:\\\/\\\/www.oceanografic.org\\\/va\\\/?s={search_term_string}\"},\"query-input\":{\"@type\":\"PropertyValueSpecification\",\"valueRequired\":true,\"valueName\":\"search_term_string\"}}],\"inLanguage\":\"va\"},{\"@type\":\"Organization\",\"@id\":\"https:\\\/\\\/www.oceanografic.org\\\/va\\\/#organization\",\"name\":\"Oceanogr\u00e0fic de Val\u00e8ncia\",\"url\":\"https:\\\/\\\/www.oceanografic.org\\\/va\\\/\",\"logo\":{\"@type\":\"ImageObject\",\"inLanguage\":\"va\",\"@id\":\"https:\\\/\\\/www.oceanografic.org\\\/va\\\/#\\\/schema\\\/logo\\\/image\\\/\",\"url\":\"https:\\\/\\\/www.oceanografic.org\\\/wp-content\\\/uploads\\\/2024\\\/10\\\/Logo-OCE.png\",\"contentUrl\":\"https:\\\/\\\/www.oceanografic.org\\\/wp-content\\\/uploads\\\/2024\\\/10\\\/Logo-OCE.png\",\"width\":3543,\"height\":1286,\"caption\":\"Oceanogr\u00e0fic de Val\u00e8ncia\"},\"image\":{\"@id\":\"https:\\\/\\\/www.oceanografic.org\\\/va\\\/#\\\/schema\\\/logo\\\/image\\\/\"},\"sameAs\":[\"https:\\\/\\\/www.facebook.com\\\/oceanograficvl\",\"https:\\\/\\\/x.com\\\/Oceanografic_vl\"]}]}<\/script>\n<!-- \/ Yoast SEO plugin. -->","yoast_head_json":{"title":"Instal\u00b7laci\u00f3 Tropical - Oceanogr\u00e0fic de Val\u00e8ncia","robots":{"index":"index","follow":"follow","max-snippet":"max-snippet:-1","max-image-preview":"max-image-preview:large","max-video-preview":"max-video-preview:-1"},"canonical":"https:\/\/www.oceanografic.org\/va\/instal%c2%b7lacio-tropical\/","og_locale":"en_US","og_type":"article","og_title":"Instal\u00b7laci\u00f3 Tropical - Oceanogr\u00e0fic de Val\u00e8ncia","og_description":"Els mars tropicals s&#8217;estenen des del Tr\u00f2pic de C\u00e0ncer fins al de Capricorn, rodejant aix\u00ed la zona m\u00e9s equatorial del planeta. &nbsp; Els mars tropicals, amb aig\u00fces c\u00e0lides d&#8217;uns 25\u202f\u00b0C, destaquen per la seva claredat i alta radiaci\u00f3 solar, cosa que afavoreix la major biodiversitat marina del planeta. A la sala oval de l&#8217;Oceanogr\u00e0fic, dos&hellip; Continua","og_url":"https:\/\/www.oceanografic.org\/va\/instal%c2%b7lacio-tropical\/","og_site_name":"Oceanogr\u00e0fic de Val\u00e8ncia","article_publisher":"https:\/\/www.facebook.com\/oceanograficvl","og_image":[{"width":1206,"height":726,"url":"https:\/\/www.oceanografic.org\/wp-content\/uploads\/2023\/05\/caballito-de-mar.jpg","type":"image\/jpeg"}],"twitter_card":"summary_large_image","twitter_site":"@Oceanografic_vl","twitter_misc":{"Est. reading time":"1 minute"},"schema":{"@context":"https:\/\/schema.org","@graph":[{"@type":"WebPage","@id":"https:\/\/www.oceanografic.org\/va\/instal%c2%b7lacio-tropical\/","url":"https:\/\/www.oceanografic.org\/va\/instal%c2%b7lacio-tropical\/","name":"Instal\u00b7laci\u00f3 Tropical - Oceanogr\u00e0fic de Val\u00e8ncia","isPartOf":{"@id":"https:\/\/www.oceanografic.org\/va\/#website"},"primaryImageOfPage":{"@id":"https:\/\/www.oceanografic.org\/va\/instal%c2%b7lacio-tropical\/#primaryimage"},"image":{"@id":"https:\/\/www.oceanografic.org\/va\/instal%c2%b7lacio-tropical\/#primaryimage"},"thumbnailUrl":"https:\/\/www.oceanografic.org\/wp-content\/uploads\/2023\/05\/caballito-de-mar.jpg","datePublished":"2023-05-10T11:54:52+00:00","breadcrumb":{"@id":"https:\/\/www.oceanografic.org\/va\/instal%c2%b7lacio-tropical\/#breadcrumb"},"inLanguage":"va","potentialAction":[{"@type":"ReadAction","target":["https:\/\/www.oceanografic.org\/va\/instal%c2%b7lacio-tropical\/"]}]},{"@type":"ImageObject","inLanguage":"va","@id":"https:\/\/www.oceanografic.org\/va\/instal%c2%b7lacio-tropical\/#primaryimage","url":"https:\/\/www.oceanografic.org\/wp-content\/uploads\/2023\/05\/caballito-de-mar.jpg","contentUrl":"https:\/\/www.oceanografic.org\/wp-content\/uploads\/2023\/05\/caballito-de-mar.jpg","width":1206,"height":726},{"@type":"BreadcrumbList","@id":"https:\/\/www.oceanografic.org\/va\/instal%c2%b7lacio-tropical\/#breadcrumb","itemListElement":[{"@type":"ListItem","position":1,"name":"Portada","item":"https:\/\/www.oceanografic.org\/va\/"},{"@type":"ListItem","position":2,"name":"Instal\u00b7laci\u00f3 Tropical"}]},{"@type":"WebSite","@id":"https:\/\/www.oceanografic.org\/va\/#website","url":"https:\/\/www.oceanografic.org\/va\/","name":"Oceanogr\u00e0fic de Val\u00e8ncia","description":"","publisher":{"@id":"https:\/\/www.oceanografic.org\/va\/#organization"},"potentialAction":[{"@type":"SearchAction","target":{"@type":"EntryPoint","urlTemplate":"https:\/\/www.oceanografic.org\/va\/?s={search_term_string}"},"query-input":{"@type":"PropertyValueSpecification","valueRequired":true,"valueName":"search_term_string"}}],"inLanguage":"va"},{"@type":"Organization","@id":"https:\/\/www.oceanografic.org\/va\/#organization","name":"Oceanogr\u00e0fic de Val\u00e8ncia","url":"https:\/\/www.oceanografic.org\/va\/","logo":{"@type":"ImageObject","inLanguage":"va","@id":"https:\/\/www.oceanografic.org\/va\/#\/schema\/logo\/image\/","url":"https:\/\/www.oceanografic.org\/wp-content\/uploads\/2024\/10\/Logo-OCE.png","contentUrl":"https:\/\/www.oceanografic.org\/wp-content\/uploads\/2024\/10\/Logo-OCE.png","width":3543,"height":1286,"caption":"Oceanogr\u00e0fic de Val\u00e8ncia"},"image":{"@id":"https:\/\/www.oceanografic.org\/va\/#\/schema\/logo\/image\/"},"sameAs":["https:\/\/www.facebook.com\/oceanograficvl","https:\/\/x.com\/Oceanografic_vl"]}]}},"_links":{"self":[{"href":"https:\/\/www.oceanografic.org\/va\/wp-json\/wp\/v2\/pages\/110143","targetHints":{"allow":["GET"]}}],"collection":[{"href":"https:\/\/www.oceanografic.org\/va\/wp-json\/wp\/v2\/pages"}],"about":[{"href":"https:\/\/www.oceanografic.org\/va\/wp-json\/wp\/v2\/types\/page"}],"author":[{"embeddable":true,"href":"https:\/\/www.oceanografic.org\/va\/wp-json\/wp\/v2\/users\/15"}],"replies":[{"embeddable":true,"href":"https:\/\/www.oceanografic.org\/va\/wp-json\/wp\/v2\/comments?post=110143"}],"version-history":[{"count":0,"href":"https:\/\/www.oceanografic.org\/va\/wp-json\/wp\/v2\/pages\/110143\/revisions"}],"wp:featuredmedia":[{"embeddable":true,"href":"https:\/\/www.oceanografic.org\/va\/wp-json\/wp\/v2\/media\/75684"}],"wp:attachment":[{"href":"https:\/\/www.oceanografic.org\/va\/wp-json\/wp\/v2\/media?parent=110143"}],"curies":[{"name":"wp","href":"https:\/\/api.w.org\/{rel}","templated":true}]}}