{"id":109047,"date":"2025-02-18T09:31:34","date_gmt":"2025-02-18T09:31:34","guid":{"rendered":"https:\/\/www.oceanografic.org\/planifica-tu-visita-al-oceanografic-de-valencia\/restauracio-oceanografic\/"},"modified":"2026-04-16T12:38:56","modified_gmt":"2026-04-16T12:38:56","slug":"restauracio-oceanografic","status":"publish","type":"page","link":"https:\/\/www.oceanografic.org\/va\/planifica-tu-visita-al-oceanografic-de-valencia\/restauracio-oceanografic\/","title":{"rendered":"Restauraci\u00f3 Oceanogr\u00e0fic"},"content":{"rendered":"<p>Als diferents recintes de la Ciutat de les Arts i les Ci\u00e8ncies s\u2019ofereix una variada oferta gastron\u00f2mica, amb opcions per a tots els gustos, des de men\u00fas mediterranis i plats elaborats amb productes frescos fins a opcions r\u00e0pides i saludables. A m\u00e9s, destaca l\u2019exclusiu Restaurant Submar\u00ed, on es pot gaudir d\u2019una experi\u00e8ncia culin\u00e0ria \u00fanica envoltat d\u2019un impressionant aquari. <\/p>\n","protected":false},"excerpt":{"rendered":"<p>Als diferents recintes de la Ciutat de les Arts i les Ci\u00e8ncies s\u2019ofereix una variada oferta gastron\u00f2mica, amb opcions per a tots els gustos, des de men\u00fas mediterranis i plats elaborats amb productes frescos fins a opcions r\u00e0pides i saludables. A m\u00e9s, destaca l\u2019exclusiu Restaurant Submar\u00ed, on es pot gaudir d\u2019una experi\u00e8ncia culin\u00e0ria \u00fanica envoltat&hellip; <a class=\"arrow\" href=\"https:\/\/www.oceanografic.org\/va\/planifica-tu-visita-al-oceanografic-de-valencia\/restauracio-oceanografic\/\">Continua<\/a><\/p>\n","protected":false},"author":15,"featured_media":109048,"parent":60897,"menu_order":0,"comment_status":"closed","ping_status":"closed","template":"template-blocks.php","meta":{"_acf_changed":false,"footnotes":""},"class_list":["post-109047","page","type-page","status-publish","has-post-thumbnail","hentry"],"acf":[],"yoast_head":"<!-- This site is optimized with the Yoast SEO plugin v27.5 - https:\/\/yoast.com\/product\/yoast-seo-wordpress\/ -->\n<title>Restauraci\u00f3 Oceanogr\u00e0fic - Oceanogr\u00e0fic de Val\u00e8ncia<\/title>\n<meta name=\"robots\" content=\"index, follow, max-snippet:-1, max-image-preview:large, max-video-preview:-1\" \/>\n<link rel=\"canonical\" href=\"https:\/\/www.oceanografic.org\/va\/planifica-tu-visita-al-oceanografic-de-valencia\/restauracio-oceanografic\/\" \/>\n<meta property=\"og:locale\" content=\"en_US\" \/>\n<meta property=\"og:type\" content=\"article\" \/>\n<meta property=\"og:title\" content=\"Restauraci\u00f3 Oceanogr\u00e0fic - Oceanogr\u00e0fic de Val\u00e8ncia\" \/>\n<meta property=\"og:description\" content=\"Als diferents recintes de la Ciutat de les Arts i les Ci\u00e8ncies s\u2019ofereix una variada oferta gastron\u00f2mica, amb opcions per a tots els gustos, des de men\u00fas mediterranis i plats elaborats amb productes frescos fins a opcions r\u00e0pides i saludables. A m\u00e9s, destaca l\u2019exclusiu Restaurant Submar\u00ed, on es pot gaudir d\u2019una experi\u00e8ncia culin\u00e0ria \u00fanica envoltat&hellip; Continua\" \/>\n<meta property=\"og:url\" content=\"https:\/\/www.oceanografic.org\/va\/planifica-tu-visita-al-oceanografic-de-valencia\/restauracio-oceanografic\/\" \/>\n<meta property=\"og:site_name\" content=\"Oceanogr\u00e0fic de Val\u00e8ncia\" \/>\n<meta property=\"article:publisher\" content=\"https:\/\/www.facebook.com\/oceanograficvl\" \/>\n<meta property=\"article:modified_time\" content=\"2026-04-16T12:38:56+00:00\" \/>\n<meta property=\"og:image\" content=\"https:\/\/www.oceanografic.org\/wp-content\/uploads\/2025\/11\/04-Restaurante-Submarino-scaled.jpg\" \/>\n\t<meta property=\"og:image:width\" content=\"2560\" \/>\n\t<meta property=\"og:image:height\" content=\"1743\" \/>\n\t<meta property=\"og:image:type\" content=\"image\/jpeg\" \/>\n<meta name=\"twitter:card\" content=\"summary_large_image\" \/>\n<meta name=\"twitter:site\" content=\"@Oceanografic_vl\" \/>\n<script type=\"application\/ld+json\" class=\"yoast-schema-graph\">{\"@context\":\"https:\\\/\\\/schema.org\",\"@graph\":[{\"@type\":\"WebPage\",\"@id\":\"https:\\\/\\\/www.oceanografic.org\\\/va\\\/planifica-tu-visita-al-oceanografic-de-valencia\\\/restauracio-oceanografic\\\/\",\"url\":\"https:\\\/\\\/www.oceanografic.org\\\/va\\\/planifica-tu-visita-al-oceanografic-de-valencia\\\/restauracio-oceanografic\\\/\",\"name\":\"Restauraci\u00f3 Oceanogr\u00e0fic - Oceanogr\u00e0fic de Val\u00e8ncia\",\"isPartOf\":{\"@id\":\"https:\\\/\\\/www.oceanografic.org\\\/va\\\/#website\"},\"primaryImageOfPage\":{\"@id\":\"https:\\\/\\\/www.oceanografic.org\\\/va\\\/planifica-tu-visita-al-oceanografic-de-valencia\\\/restauracio-oceanografic\\\/#primaryimage\"},\"image\":{\"@id\":\"https:\\\/\\\/www.oceanografic.org\\\/va\\\/planifica-tu-visita-al-oceanografic-de-valencia\\\/restauracio-oceanografic\\\/#primaryimage\"},\"thumbnailUrl\":\"https:\\\/\\\/www.oceanografic.org\\\/wp-content\\\/uploads\\\/2025\\\/11\\\/04-Restaurante-Submarino-scaled.jpg\",\"datePublished\":\"2025-02-18T09:31:34+00:00\",\"dateModified\":\"2026-04-16T12:38:56+00:00\",\"breadcrumb\":{\"@id\":\"https:\\\/\\\/www.oceanografic.org\\\/va\\\/planifica-tu-visita-al-oceanografic-de-valencia\\\/restauracio-oceanografic\\\/#breadcrumb\"},\"inLanguage\":\"va\",\"potentialAction\":[{\"@type\":\"ReadAction\",\"target\":[\"https:\\\/\\\/www.oceanografic.org\\\/va\\\/planifica-tu-visita-al-oceanografic-de-valencia\\\/restauracio-oceanografic\\\/\"]}]},{\"@type\":\"ImageObject\",\"inLanguage\":\"va\",\"@id\":\"https:\\\/\\\/www.oceanografic.org\\\/va\\\/planifica-tu-visita-al-oceanografic-de-valencia\\\/restauracio-oceanografic\\\/#primaryimage\",\"url\":\"https:\\\/\\\/www.oceanografic.org\\\/wp-content\\\/uploads\\\/2025\\\/11\\\/04-Restaurante-Submarino-scaled.jpg\",\"contentUrl\":\"https:\\\/\\\/www.oceanografic.org\\\/wp-content\\\/uploads\\\/2025\\\/11\\\/04-Restaurante-Submarino-scaled.jpg\",\"width\":2560,\"height\":1743},{\"@type\":\"BreadcrumbList\",\"@id\":\"https:\\\/\\\/www.oceanografic.org\\\/va\\\/planifica-tu-visita-al-oceanografic-de-valencia\\\/restauracio-oceanografic\\\/#breadcrumb\",\"itemListElement\":[{\"@type\":\"ListItem\",\"position\":1,\"name\":\"Portada\",\"item\":\"https:\\\/\\\/www.oceanografic.org\\\/va\\\/\"},{\"@type\":\"ListItem\",\"position\":2,\"name\":\"Planifica la teua visita a l\u2019Oceanogr\u00e0fic de Val\u00e8ncia\",\"item\":\"https:\\\/\\\/www.oceanografic.org\\\/va\\\/planifica-tu-visita-al-oceanografic-de-valencia\\\/\"},{\"@type\":\"ListItem\",\"position\":3,\"name\":\"Restauraci\u00f3 Oceanogr\u00e0fic\"}]},{\"@type\":\"WebSite\",\"@id\":\"https:\\\/\\\/www.oceanografic.org\\\/va\\\/#website\",\"url\":\"https:\\\/\\\/www.oceanografic.org\\\/va\\\/\",\"name\":\"Oceanogr\u00e0fic de Val\u00e8ncia\",\"description\":\"\",\"publisher\":{\"@id\":\"https:\\\/\\\/www.oceanografic.org\\\/va\\\/#organization\"},\"potentialAction\":[{\"@type\":\"SearchAction\",\"target\":{\"@type\":\"EntryPoint\",\"urlTemplate\":\"https:\\\/\\\/www.oceanografic.org\\\/va\\\/?s={search_term_string}\"},\"query-input\":{\"@type\":\"PropertyValueSpecification\",\"valueRequired\":true,\"valueName\":\"search_term_string\"}}],\"inLanguage\":\"va\"},{\"@type\":\"Organization\",\"@id\":\"https:\\\/\\\/www.oceanografic.org\\\/va\\\/#organization\",\"name\":\"Oceanogr\u00e0fic de Val\u00e8ncia\",\"url\":\"https:\\\/\\\/www.oceanografic.org\\\/va\\\/\",\"logo\":{\"@type\":\"ImageObject\",\"inLanguage\":\"va\",\"@id\":\"https:\\\/\\\/www.oceanografic.org\\\/va\\\/#\\\/schema\\\/logo\\\/image\\\/\",\"url\":\"https:\\\/\\\/www.oceanografic.org\\\/wp-content\\\/uploads\\\/2024\\\/10\\\/Logo-OCE.png\",\"contentUrl\":\"https:\\\/\\\/www.oceanografic.org\\\/wp-content\\\/uploads\\\/2024\\\/10\\\/Logo-OCE.png\",\"width\":3543,\"height\":1286,\"caption\":\"Oceanogr\u00e0fic de Val\u00e8ncia\"},\"image\":{\"@id\":\"https:\\\/\\\/www.oceanografic.org\\\/va\\\/#\\\/schema\\\/logo\\\/image\\\/\"},\"sameAs\":[\"https:\\\/\\\/www.facebook.com\\\/oceanograficvl\",\"https:\\\/\\\/x.com\\\/Oceanografic_vl\"]}]}<\/script>\n<!-- \/ Yoast SEO plugin. -->","yoast_head_json":{"title":"Restauraci\u00f3 Oceanogr\u00e0fic - Oceanogr\u00e0fic de Val\u00e8ncia","robots":{"index":"index","follow":"follow","max-snippet":"max-snippet:-1","max-image-preview":"max-image-preview:large","max-video-preview":"max-video-preview:-1"},"canonical":"https:\/\/www.oceanografic.org\/va\/planifica-tu-visita-al-oceanografic-de-valencia\/restauracio-oceanografic\/","og_locale":"en_US","og_type":"article","og_title":"Restauraci\u00f3 Oceanogr\u00e0fic - Oceanogr\u00e0fic de Val\u00e8ncia","og_description":"Als diferents recintes de la Ciutat de les Arts i les Ci\u00e8ncies s\u2019ofereix una variada oferta gastron\u00f2mica, amb opcions per a tots els gustos, des de men\u00fas mediterranis i plats elaborats amb productes frescos fins a opcions r\u00e0pides i saludables. A m\u00e9s, destaca l\u2019exclusiu Restaurant Submar\u00ed, on es pot gaudir d\u2019una experi\u00e8ncia culin\u00e0ria \u00fanica envoltat&hellip; Continua","og_url":"https:\/\/www.oceanografic.org\/va\/planifica-tu-visita-al-oceanografic-de-valencia\/restauracio-oceanografic\/","og_site_name":"Oceanogr\u00e0fic de Val\u00e8ncia","article_publisher":"https:\/\/www.facebook.com\/oceanograficvl","article_modified_time":"2026-04-16T12:38:56+00:00","og_image":[{"width":2560,"height":1743,"url":"https:\/\/www.oceanografic.org\/wp-content\/uploads\/2025\/11\/04-Restaurante-Submarino-scaled.jpg","type":"image\/jpeg"}],"twitter_card":"summary_large_image","twitter_site":"@Oceanografic_vl","schema":{"@context":"https:\/\/schema.org","@graph":[{"@type":"WebPage","@id":"https:\/\/www.oceanografic.org\/va\/planifica-tu-visita-al-oceanografic-de-valencia\/restauracio-oceanografic\/","url":"https:\/\/www.oceanografic.org\/va\/planifica-tu-visita-al-oceanografic-de-valencia\/restauracio-oceanografic\/","name":"Restauraci\u00f3 Oceanogr\u00e0fic - Oceanogr\u00e0fic de Val\u00e8ncia","isPartOf":{"@id":"https:\/\/www.oceanografic.org\/va\/#website"},"primaryImageOfPage":{"@id":"https:\/\/www.oceanografic.org\/va\/planifica-tu-visita-al-oceanografic-de-valencia\/restauracio-oceanografic\/#primaryimage"},"image":{"@id":"https:\/\/www.oceanografic.org\/va\/planifica-tu-visita-al-oceanografic-de-valencia\/restauracio-oceanografic\/#primaryimage"},"thumbnailUrl":"https:\/\/www.oceanografic.org\/wp-content\/uploads\/2025\/11\/04-Restaurante-Submarino-scaled.jpg","datePublished":"2025-02-18T09:31:34+00:00","dateModified":"2026-04-16T12:38:56+00:00","breadcrumb":{"@id":"https:\/\/www.oceanografic.org\/va\/planifica-tu-visita-al-oceanografic-de-valencia\/restauracio-oceanografic\/#breadcrumb"},"inLanguage":"va","potentialAction":[{"@type":"ReadAction","target":["https:\/\/www.oceanografic.org\/va\/planifica-tu-visita-al-oceanografic-de-valencia\/restauracio-oceanografic\/"]}]},{"@type":"ImageObject","inLanguage":"va","@id":"https:\/\/www.oceanografic.org\/va\/planifica-tu-visita-al-oceanografic-de-valencia\/restauracio-oceanografic\/#primaryimage","url":"https:\/\/www.oceanografic.org\/wp-content\/uploads\/2025\/11\/04-Restaurante-Submarino-scaled.jpg","contentUrl":"https:\/\/www.oceanografic.org\/wp-content\/uploads\/2025\/11\/04-Restaurante-Submarino-scaled.jpg","width":2560,"height":1743},{"@type":"BreadcrumbList","@id":"https:\/\/www.oceanografic.org\/va\/planifica-tu-visita-al-oceanografic-de-valencia\/restauracio-oceanografic\/#breadcrumb","itemListElement":[{"@type":"ListItem","position":1,"name":"Portada","item":"https:\/\/www.oceanografic.org\/va\/"},{"@type":"ListItem","position":2,"name":"Planifica la teua visita a l\u2019Oceanogr\u00e0fic de Val\u00e8ncia","item":"https:\/\/www.oceanografic.org\/va\/planifica-tu-visita-al-oceanografic-de-valencia\/"},{"@type":"ListItem","position":3,"name":"Restauraci\u00f3 Oceanogr\u00e0fic"}]},{"@type":"WebSite","@id":"https:\/\/www.oceanografic.org\/va\/#website","url":"https:\/\/www.oceanografic.org\/va\/","name":"Oceanogr\u00e0fic de Val\u00e8ncia","description":"","publisher":{"@id":"https:\/\/www.oceanografic.org\/va\/#organization"},"potentialAction":[{"@type":"SearchAction","target":{"@type":"EntryPoint","urlTemplate":"https:\/\/www.oceanografic.org\/va\/?s={search_term_string}"},"query-input":{"@type":"PropertyValueSpecification","valueRequired":true,"valueName":"search_term_string"}}],"inLanguage":"va"},{"@type":"Organization","@id":"https:\/\/www.oceanografic.org\/va\/#organization","name":"Oceanogr\u00e0fic de Val\u00e8ncia","url":"https:\/\/www.oceanografic.org\/va\/","logo":{"@type":"ImageObject","inLanguage":"va","@id":"https:\/\/www.oceanografic.org\/va\/#\/schema\/logo\/image\/","url":"https:\/\/www.oceanografic.org\/wp-content\/uploads\/2024\/10\/Logo-OCE.png","contentUrl":"https:\/\/www.oceanografic.org\/wp-content\/uploads\/2024\/10\/Logo-OCE.png","width":3543,"height":1286,"caption":"Oceanogr\u00e0fic de Val\u00e8ncia"},"image":{"@id":"https:\/\/www.oceanografic.org\/va\/#\/schema\/logo\/image\/"},"sameAs":["https:\/\/www.facebook.com\/oceanograficvl","https:\/\/x.com\/Oceanografic_vl"]}]}},"_links":{"self":[{"href":"https:\/\/www.oceanografic.org\/va\/wp-json\/wp\/v2\/pages\/109047","targetHints":{"allow":["GET"]}}],"collection":[{"href":"https:\/\/www.oceanografic.org\/va\/wp-json\/wp\/v2\/pages"}],"about":[{"href":"https:\/\/www.oceanografic.org\/va\/wp-json\/wp\/v2\/types\/page"}],"author":[{"embeddable":true,"href":"https:\/\/www.oceanografic.org\/va\/wp-json\/wp\/v2\/users\/15"}],"replies":[{"embeddable":true,"href":"https:\/\/www.oceanografic.org\/va\/wp-json\/wp\/v2\/comments?post=109047"}],"version-history":[{"count":1,"href":"https:\/\/www.oceanografic.org\/va\/wp-json\/wp\/v2\/pages\/109047\/revisions"}],"predecessor-version":[{"id":110113,"href":"https:\/\/www.oceanografic.org\/va\/wp-json\/wp\/v2\/pages\/109047\/revisions\/110113"}],"up":[{"embeddable":true,"href":"https:\/\/www.oceanografic.org\/va\/wp-json\/wp\/v2\/pages\/60897"}],"wp:featuredmedia":[{"embeddable":true,"href":"https:\/\/www.oceanografic.org\/va\/wp-json\/wp\/v2\/media\/109048"}],"wp:attachment":[{"href":"https:\/\/www.oceanografic.org\/va\/wp-json\/wp\/v2\/media?parent=109047"}],"curies":[{"name":"wp","href":"https:\/\/api.w.org\/{rel}","templated":true}]}}