{"id":110099,"date":"2022-10-13T09:09:58","date_gmt":"2022-10-13T09:09:58","guid":{"rendered":"https:\/\/www.oceanografic.org\/la-capsule-temporelle\/"},"modified":"2022-10-13T09:09:58","modified_gmt":"2022-10-13T09:09:58","slug":"la-capsule-temporelle","status":"publish","type":"page","link":"https:\/\/www.oceanografic.org\/fr\/la-capsule-temporelle\/","title":{"rendered":"La capsule temporelle"},"content":{"rendered":"<h3>La Capsule Temporelle est con\u00e7ue comme un espace de r\u00e9flexion virtuelle pour partager et recueillir les souhaits et les initiatives de diff\u00e9rents collectifs de notre soci\u00e9t\u00e9 afin d\u2019aider \u00e0 construire l\u2019oc\u00e9an du futur<\/h3>\n","protected":false},"excerpt":{"rendered":"<p>La Capsule Temporelle est con\u00e7ue comme un espace de r\u00e9flexion virtuelle pour partager et recueillir les souhaits et les initiatives de diff\u00e9rents collectifs de notre soci\u00e9t\u00e9 afin d\u2019aider \u00e0 construire l\u2019oc\u00e9an du futur<\/p>\n","protected":false},"author":15,"featured_media":77452,"parent":0,"menu_order":0,"comment_status":"closed","ping_status":"closed","template":"template-blocks.php","meta":{"_acf_changed":false,"footnotes":""},"class_list":["post-110099","page","type-page","status-publish","has-post-thumbnail","hentry"],"acf":[],"yoast_head":"<!-- This site is optimized with the Yoast SEO plugin v27.5 - https:\/\/yoast.com\/product\/yoast-seo-wordpress\/ -->\n<title>La capsule temporelle - Oceanogr\u00e0fic de Val\u00e8ncia<\/title>\n<meta name=\"robots\" content=\"index, follow, max-snippet:-1, max-image-preview:large, max-video-preview:-1\" \/>\n<link rel=\"canonical\" href=\"https:\/\/www.oceanografic.org\/fr\/la-capsule-temporelle\/\" \/>\n<meta property=\"og:locale\" content=\"fr_FR\" \/>\n<meta property=\"og:type\" content=\"article\" \/>\n<meta property=\"og:title\" content=\"La capsule temporelle - Oceanogr\u00e0fic de Val\u00e8ncia\" \/>\n<meta property=\"og:description\" content=\"La Capsule Temporelle est con\u00e7ue comme un espace de r\u00e9flexion virtuelle pour partager et recueillir les souhaits et les initiatives de diff\u00e9rents collectifs de notre soci\u00e9t\u00e9 afin d\u2019aider \u00e0 construire l\u2019oc\u00e9an du futur\" \/>\n<meta property=\"og:url\" content=\"https:\/\/www.oceanografic.org\/fr\/la-capsule-temporelle\/\" \/>\n<meta property=\"og:site_name\" content=\"Oceanogr\u00e0fic de Val\u00e8ncia\" \/>\n<meta property=\"article:publisher\" content=\"https:\/\/www.facebook.com\/oceanograficvl\" \/>\n<meta property=\"og:image\" content=\"https:\/\/www.oceanografic.org\/wp-content\/uploads\/2024\/04\/Cabecera-Web-ajustada-scaled.jpg\" \/>\n\t<meta property=\"og:image:width\" content=\"2560\" \/>\n\t<meta property=\"og:image:height\" content=\"1919\" \/>\n\t<meta property=\"og:image:type\" content=\"image\/jpeg\" \/>\n<meta name=\"twitter:card\" content=\"summary_large_image\" \/>\n<meta name=\"twitter:site\" content=\"@Oceanografic_vl\" \/>\n<script type=\"application\/ld+json\" class=\"yoast-schema-graph\">{\"@context\":\"https:\\\/\\\/schema.org\",\"@graph\":[{\"@type\":\"WebPage\",\"@id\":\"https:\\\/\\\/www.oceanografic.org\\\/fr\\\/la-capsule-temporelle\\\/\",\"url\":\"https:\\\/\\\/www.oceanografic.org\\\/fr\\\/la-capsule-temporelle\\\/\",\"name\":\"La capsule temporelle - Oceanogr\u00e0fic de Val\u00e8ncia\",\"isPartOf\":{\"@id\":\"https:\\\/\\\/www.oceanografic.org\\\/fr\\\/#website\"},\"primaryImageOfPage\":{\"@id\":\"https:\\\/\\\/www.oceanografic.org\\\/fr\\\/la-capsule-temporelle\\\/#primaryimage\"},\"image\":{\"@id\":\"https:\\\/\\\/www.oceanografic.org\\\/fr\\\/la-capsule-temporelle\\\/#primaryimage\"},\"thumbnailUrl\":\"https:\\\/\\\/www.oceanografic.org\\\/wp-content\\\/uploads\\\/2024\\\/04\\\/Cabecera-Web-ajustada-scaled.jpg\",\"datePublished\":\"2022-10-13T09:09:58+00:00\",\"breadcrumb\":{\"@id\":\"https:\\\/\\\/www.oceanografic.org\\\/fr\\\/la-capsule-temporelle\\\/#breadcrumb\"},\"inLanguage\":\"fr-FR\",\"potentialAction\":[{\"@type\":\"ReadAction\",\"target\":[\"https:\\\/\\\/www.oceanografic.org\\\/fr\\\/la-capsule-temporelle\\\/\"]}]},{\"@type\":\"ImageObject\",\"inLanguage\":\"fr-FR\",\"@id\":\"https:\\\/\\\/www.oceanografic.org\\\/fr\\\/la-capsule-temporelle\\\/#primaryimage\",\"url\":\"https:\\\/\\\/www.oceanografic.org\\\/wp-content\\\/uploads\\\/2024\\\/04\\\/Cabecera-Web-ajustada-scaled.jpg\",\"contentUrl\":\"https:\\\/\\\/www.oceanografic.org\\\/wp-content\\\/uploads\\\/2024\\\/04\\\/Cabecera-Web-ajustada-scaled.jpg\",\"width\":2560,\"height\":1919},{\"@type\":\"BreadcrumbList\",\"@id\":\"https:\\\/\\\/www.oceanografic.org\\\/fr\\\/la-capsule-temporelle\\\/#breadcrumb\",\"itemListElement\":[{\"@type\":\"ListItem\",\"position\":1,\"name\":\"Portada\",\"item\":\"https:\\\/\\\/www.oceanografic.org\\\/fr\\\/\"},{\"@type\":\"ListItem\",\"position\":2,\"name\":\"La capsule temporelle\"}]},{\"@type\":\"WebSite\",\"@id\":\"https:\\\/\\\/www.oceanografic.org\\\/fr\\\/#website\",\"url\":\"https:\\\/\\\/www.oceanografic.org\\\/fr\\\/\",\"name\":\"Oceanogr\u00e0fic de Val\u00e8ncia\",\"description\":\"\",\"publisher\":{\"@id\":\"https:\\\/\\\/www.oceanografic.org\\\/fr\\\/#organization\"},\"potentialAction\":[{\"@type\":\"SearchAction\",\"target\":{\"@type\":\"EntryPoint\",\"urlTemplate\":\"https:\\\/\\\/www.oceanografic.org\\\/fr\\\/?s={search_term_string}\"},\"query-input\":{\"@type\":\"PropertyValueSpecification\",\"valueRequired\":true,\"valueName\":\"search_term_string\"}}],\"inLanguage\":\"fr-FR\"},{\"@type\":\"Organization\",\"@id\":\"https:\\\/\\\/www.oceanografic.org\\\/fr\\\/#organization\",\"name\":\"Oceanogr\u00e0fic de Val\u00e8ncia\",\"url\":\"https:\\\/\\\/www.oceanografic.org\\\/fr\\\/\",\"logo\":{\"@type\":\"ImageObject\",\"inLanguage\":\"fr-FR\",\"@id\":\"https:\\\/\\\/www.oceanografic.org\\\/fr\\\/#\\\/schema\\\/logo\\\/image\\\/\",\"url\":\"https:\\\/\\\/www.oceanografic.org\\\/wp-content\\\/uploads\\\/2024\\\/10\\\/Logo-OCE.png\",\"contentUrl\":\"https:\\\/\\\/www.oceanografic.org\\\/wp-content\\\/uploads\\\/2024\\\/10\\\/Logo-OCE.png\",\"width\":3543,\"height\":1286,\"caption\":\"Oceanogr\u00e0fic de Val\u00e8ncia\"},\"image\":{\"@id\":\"https:\\\/\\\/www.oceanografic.org\\\/fr\\\/#\\\/schema\\\/logo\\\/image\\\/\"},\"sameAs\":[\"https:\\\/\\\/www.facebook.com\\\/oceanograficvl\",\"https:\\\/\\\/x.com\\\/Oceanografic_vl\"]}]}<\/script>\n<!-- \/ Yoast SEO plugin. -->","yoast_head_json":{"title":"La capsule temporelle - Oceanogr\u00e0fic de Val\u00e8ncia","robots":{"index":"index","follow":"follow","max-snippet":"max-snippet:-1","max-image-preview":"max-image-preview:large","max-video-preview":"max-video-preview:-1"},"canonical":"https:\/\/www.oceanografic.org\/fr\/la-capsule-temporelle\/","og_locale":"fr_FR","og_type":"article","og_title":"La capsule temporelle - Oceanogr\u00e0fic de Val\u00e8ncia","og_description":"La Capsule Temporelle est con\u00e7ue comme un espace de r\u00e9flexion virtuelle pour partager et recueillir les souhaits et les initiatives de diff\u00e9rents collectifs de notre soci\u00e9t\u00e9 afin d\u2019aider \u00e0 construire l\u2019oc\u00e9an du futur","og_url":"https:\/\/www.oceanografic.org\/fr\/la-capsule-temporelle\/","og_site_name":"Oceanogr\u00e0fic de Val\u00e8ncia","article_publisher":"https:\/\/www.facebook.com\/oceanograficvl","og_image":[{"width":2560,"height":1919,"url":"https:\/\/www.oceanografic.org\/wp-content\/uploads\/2024\/04\/Cabecera-Web-ajustada-scaled.jpg","type":"image\/jpeg"}],"twitter_card":"summary_large_image","twitter_site":"@Oceanografic_vl","schema":{"@context":"https:\/\/schema.org","@graph":[{"@type":"WebPage","@id":"https:\/\/www.oceanografic.org\/fr\/la-capsule-temporelle\/","url":"https:\/\/www.oceanografic.org\/fr\/la-capsule-temporelle\/","name":"La capsule temporelle - Oceanogr\u00e0fic de Val\u00e8ncia","isPartOf":{"@id":"https:\/\/www.oceanografic.org\/fr\/#website"},"primaryImageOfPage":{"@id":"https:\/\/www.oceanografic.org\/fr\/la-capsule-temporelle\/#primaryimage"},"image":{"@id":"https:\/\/www.oceanografic.org\/fr\/la-capsule-temporelle\/#primaryimage"},"thumbnailUrl":"https:\/\/www.oceanografic.org\/wp-content\/uploads\/2024\/04\/Cabecera-Web-ajustada-scaled.jpg","datePublished":"2022-10-13T09:09:58+00:00","breadcrumb":{"@id":"https:\/\/www.oceanografic.org\/fr\/la-capsule-temporelle\/#breadcrumb"},"inLanguage":"fr-FR","potentialAction":[{"@type":"ReadAction","target":["https:\/\/www.oceanografic.org\/fr\/la-capsule-temporelle\/"]}]},{"@type":"ImageObject","inLanguage":"fr-FR","@id":"https:\/\/www.oceanografic.org\/fr\/la-capsule-temporelle\/#primaryimage","url":"https:\/\/www.oceanografic.org\/wp-content\/uploads\/2024\/04\/Cabecera-Web-ajustada-scaled.jpg","contentUrl":"https:\/\/www.oceanografic.org\/wp-content\/uploads\/2024\/04\/Cabecera-Web-ajustada-scaled.jpg","width":2560,"height":1919},{"@type":"BreadcrumbList","@id":"https:\/\/www.oceanografic.org\/fr\/la-capsule-temporelle\/#breadcrumb","itemListElement":[{"@type":"ListItem","position":1,"name":"Portada","item":"https:\/\/www.oceanografic.org\/fr\/"},{"@type":"ListItem","position":2,"name":"La capsule temporelle"}]},{"@type":"WebSite","@id":"https:\/\/www.oceanografic.org\/fr\/#website","url":"https:\/\/www.oceanografic.org\/fr\/","name":"Oceanogr\u00e0fic de Val\u00e8ncia","description":"","publisher":{"@id":"https:\/\/www.oceanografic.org\/fr\/#organization"},"potentialAction":[{"@type":"SearchAction","target":{"@type":"EntryPoint","urlTemplate":"https:\/\/www.oceanografic.org\/fr\/?s={search_term_string}"},"query-input":{"@type":"PropertyValueSpecification","valueRequired":true,"valueName":"search_term_string"}}],"inLanguage":"fr-FR"},{"@type":"Organization","@id":"https:\/\/www.oceanografic.org\/fr\/#organization","name":"Oceanogr\u00e0fic de Val\u00e8ncia","url":"https:\/\/www.oceanografic.org\/fr\/","logo":{"@type":"ImageObject","inLanguage":"fr-FR","@id":"https:\/\/www.oceanografic.org\/fr\/#\/schema\/logo\/image\/","url":"https:\/\/www.oceanografic.org\/wp-content\/uploads\/2024\/10\/Logo-OCE.png","contentUrl":"https:\/\/www.oceanografic.org\/wp-content\/uploads\/2024\/10\/Logo-OCE.png","width":3543,"height":1286,"caption":"Oceanogr\u00e0fic de Val\u00e8ncia"},"image":{"@id":"https:\/\/www.oceanografic.org\/fr\/#\/schema\/logo\/image\/"},"sameAs":["https:\/\/www.facebook.com\/oceanograficvl","https:\/\/x.com\/Oceanografic_vl"]}]}},"_links":{"self":[{"href":"https:\/\/www.oceanografic.org\/fr\/wp-json\/wp\/v2\/pages\/110099","targetHints":{"allow":["GET"]}}],"collection":[{"href":"https:\/\/www.oceanografic.org\/fr\/wp-json\/wp\/v2\/pages"}],"about":[{"href":"https:\/\/www.oceanografic.org\/fr\/wp-json\/wp\/v2\/types\/page"}],"author":[{"embeddable":true,"href":"https:\/\/www.oceanografic.org\/fr\/wp-json\/wp\/v2\/users\/15"}],"replies":[{"embeddable":true,"href":"https:\/\/www.oceanografic.org\/fr\/wp-json\/wp\/v2\/comments?post=110099"}],"version-history":[{"count":0,"href":"https:\/\/www.oceanografic.org\/fr\/wp-json\/wp\/v2\/pages\/110099\/revisions"}],"wp:featuredmedia":[{"embeddable":true,"href":"https:\/\/www.oceanografic.org\/fr\/wp-json\/wp\/v2\/media\/77452"}],"wp:attachment":[{"href":"https:\/\/www.oceanografic.org\/fr\/wp-json\/wp\/v2\/media?parent=110099"}],"curies":[{"name":"wp","href":"https:\/\/api.w.org\/{rel}","templated":true}]}}